{"id":1099,"date":"2018-08-29T14:33:11","date_gmt":"2018-08-29T17:33:11","guid":{"rendered":"https:\/\/ieseccleston-caba.infd.edu.ar\/sitio\/calendario-academico-3\/"},"modified":"2026-02-13T11:58:46","modified_gmt":"2026-02-13T14:58:46","slug":"calendario-academico-1","status":"publish","type":"page","link":"https:\/\/ieseccleston-caba.infd.edu.ar\/sitio\/calendario-academico-1\/","title":{"rendered":"Calendario Acad\u00e9mico Ciclo Lectivo 2026"},"content":{"rendered":"\n<div class=\"wp-block-group is-layout-constrained\"><div class=\"wp-block-group__inner-container\">\n<h2 style=\"text-align: center;\"><img decoding=\"async\" loading=\"lazy\" class=\"wp-image-1402 aligncenter\" src=\"https:\/\/ieseccleston-caba.infd.edu.ar\/sitio\/wp-content\/uploads\/2019\/05\/calender-2389150_1280-1000x1000.png\" alt=\"\" width=\"127\" height=\"127\" srcset=\"https:\/\/ieseccleston-caba.infd.edu.ar\/sitio\/wp-content\/uploads\/2019\/05\/calender-2389150_1280-1000x1000.png 1000w, https:\/\/ieseccleston-caba.infd.edu.ar\/sitio\/wp-content\/uploads\/2019\/05\/calender-2389150_1280-500x500.png 500w, https:\/\/ieseccleston-caba.infd.edu.ar\/sitio\/wp-content\/uploads\/2019\/05\/calender-2389150_1280-768x768.png 768w, https:\/\/ieseccleston-caba.infd.edu.ar\/sitio\/wp-content\/uploads\/2019\/05\/calender-2389150_1280.png 1280w\" sizes=\"(max-width: 127px) 100vw, 127px\" \/><\/h2>\n<hr \/>\n<h5 style=\"text-align: center;\" data-wp-editing=\"1\"><img decoding=\"async\" loading=\"lazy\" class=\"alignnone\" src=\"https:\/\/img.freepik.com\/vector-gratis\/ilustracion-concepto-megafono_114360-16295.jpg?w=360&amp;t=st=1701798164~exp=1701798764~hmac=2b978208b334ef5c8c3eb844c22e4754550b101eaaaf1cc001815de4f9005c3e\" width=\"38\" height=\"38\" \/> Para descargar: <a href=\"https:\/\/ieseccleston-caba.infd.edu.ar\/sitio\/wp-content\/uploads\/2026\/02\/Calendario_1_C_2026.pdf\" target=\"_blank\" rel=\"noopener\">Calendario 1C 2026<\/a><\/h5>\n<hr \/>\n<h2 style=\"text-align: center;\">Primer Cuatrimestre 2026<\/h2>\n<p style=\"text-align: center;\">Este calendario puede sufrir modificaciones<\/p>\n<pre>Fecha de Inscripci\u00f3n a la carrera - INGRESANTES:  <strong>HASTA EL 20\/02\/26 (por SIU Guaran\u00ed)<\/strong><\/pre>\n<pre>Fecha l\u00edmite de validaci\u00f3n de la inscripci\u00f3n INGRESANTES: <strong>HASTA el 27\/2\/26<\/strong><br \/>De manera presencial deber\u00e1n acercar la documentaci\u00f3n requerida.\u00a0<\/pre>\n<pre hidden=\"\">Preinscripci\u00f3n Online a Materias para el 1ER. CUATRIMESTRE 2024:\u00a0 <strong>20\/12\/23 AL 06\/02\/24<\/strong><\/pre>\n<pre hidden=\"\">Inscripci\u00f3n Ingresantes 1ER. CUATRIMESTRE 2024 DESDE SIU GUARAN\u00cd: <strong>Per\u00edodo complementario desde el 07\/12\/24 al 23\/02\/24<\/strong><\/pre>\n\n\n\n<table>\n<tbody>\n<tr>\n<td>Semana del Lunes 9\/2 al viernes 13\/2<\/td>\n<td>Lunes 9\/2 I<strong> Inicio per\u00edodo escolar<\/strong><br \/><br \/>Mi\u00e9rcoles 11\/2 y Jueves 12\/2 <strong>|<\/strong> Inscripci\u00f3n a mesas de ex\u00e1menes finales<br \/>(autogesti\u00f3n SIU)<\/td>\n<\/tr>\n<tr>\n<td>Semana del Lunes 16\/2 al viernes 20\/2<br \/><br \/><\/td>\n<td>\n<p><strong>Jueves 19\/2 I 8.30 hs.y 13 hs. Reuni\u00f3n de personal <\/strong><\/p>\n<p><strong><span style=\"color: #045978;\">Lunes 16\/2\u00a0 y Martes 17\/2 \u00a0|\u00a0 Feriado de Carnaval<\/span><\/strong><\/p>\n<\/td>\n<\/tr>\n<tr>\n<td>Semana del Lunes 23\/2 al viernes 27\/2<\/td>\n<td>\n<p><strong>SEMANA DE MESAS DE EXAMENES FINALES\u00a0<br \/><\/strong>TM: 8:30 horas \/ TT: 13:00 horas<\/p>\n<p><strong>Lunes 23\/2 |<\/strong> Ratificaci\u00f3n de preinscripci\u00f3n a talleres 6, 5, 4, 3 (virtual)<br \/>&#8211; Taller 6 (10:00 hs. T.M. y 14:00 hs. T.T.),<br \/>&#8211; Taller 5 (11:00 T.M. y 15 hs. T.T.)<br \/>&#8211; Talleres 3 y 4 (11 hs. T.M. y 15 hs. T.T.)<\/p>\n<\/td>\n<\/tr>\n<tr>\n<td>Semana del Lunes 2\/3 al viernes 6\/3<\/td>\n<td>\n<p><strong>2\/3 al 11\/3: CURSO INTRODUCTORIO para ingresantes.<\/strong><\/p>\n<p><strong>Lunes 2\/3 <\/strong>| Inscripci\u00f3n a los talleres del CFPP a cargo de las coordinadoras.<br \/>&#8211; Taller 6 (9 hs. T.M. y 14 hs. T.T.),<br \/>&#8211; Taller 5 (10 hs. T.M. y 15 hs. T.T.)<br \/>&#8211; Talleres 3 y 4 (10 hs. T.M. y 15 hs. T.T.)<br \/><br \/><strong>Jueves 5\/3 <br \/><\/strong><strong>|<\/strong> Examen de nivelaci\u00f3n para el EDI Ingl\u00e9s.<br \/>| Charla sobre los EDI<\/p>\n<p>Reuniones (fechas a confirmar)<\/p>\n<\/td>\n<\/tr>\n<tr>\n<td>Semana de Lunes 9\/3 al viernes 13\/3\u00a0<br \/><em>Inicio Taller 6<\/em><\/td>\n<td>\n<p><strong>Mi\u00e9rcoles 11\/3 |<\/strong> Inscripci\u00f3n materias estudiantes ingresantes<br \/><strong><br \/>Mi\u00e9rcoles 11\/3 y Jueves 12\/3 |<\/strong> <br \/>Pedido de readmisi\u00f3n<br \/>Inscripci\u00f3n a materias estudiantes regulares (autogesti\u00f3n SIU)<br \/><br \/>Reuniones (fechas a confirmar)<\/p>\n<\/td>\n<\/tr>\n<tr>\n<td>Semana del Lunes 16\/3 al viernes 20\/3 <br \/><em>1\u00b0 Semana de Taller 6<\/em><\/td>\n<td><strong>Lunes 16\/3<\/strong> |\u00a0 <strong>INICIO DE CLASES<\/strong><br \/>Inscripci\u00f3n a materias estudiantes volantes, pases y otros<\/td>\n<\/tr>\n<tr>\n<td>Semana del Lunes 23\/3 al viernes 27\/3 <br \/><em>2\u00b0 Semana de Taller 6<\/em><\/td>\n<td><span style=\"color: #045978;\">Lunes 23\/3 | D\u00eda no laborable<\/span><br \/><span style=\"color: #045978;\">Martes 24\/03 | Feriado \u201cD\u00eda Nacional de la memoria por la verdad y la justicia\u201d<\/span><\/td>\n<\/tr>\n<tr>\n<td>Semana del Lunes 30\/3 al viernes 3\/4<br \/><em>3\u00b0 Semana de Taller 6<\/em><\/td>\n<td><span style=\"color: #045978;\">Jueves 2\/4 | \u201cD\u00eda del veterano y de los ca\u00eddos en la guerra de Malvinas\u201d<\/span><br \/><span style=\"color: #045978;\">Jueves 2\/4 y viernes 3\/4 \u00a0| \u201cJueves y Viernes santo\u201d<\/span><\/td>\n<\/tr>\n<tr>\n<td>Semana del Lunes 6\/4 al viernes 10\/04<br \/><em>4\u00b0 Semana de Taller 6<\/em><\/td>\n<td>\u00a0<\/td>\n<\/tr>\n<tr>\n<td>Semana del Lunes 13\/4 al viernes 17\/4<br \/><em>5\u00b0 Semana de Taller 6<\/em><\/td>\n<td>\u00a0<\/td>\n<\/tr>\n<tr>\n<td>Semana del Lunes 20\/4 al viernes 24\/4<br \/><em>6\u00b0 Semana de Taller 6<\/em><\/td>\n<td>\u00a0<\/td>\n<\/tr>\n<tr>\n<td>Semana del Lunes 27\/4 al viernes 1\/5<br \/><em>7\u00b0 Semana de Taller 6<\/em><\/td>\n<td><span style=\"color: #045978;\">Viernes 1\/5 | D\u00eda del\/a trabajador\/a<\/span><\/td>\n<\/tr>\n<tr>\n<td>Semana del Lunes 4\/5 al viernes 8\/5 <br \/><em>8\u00b0 Semana de Taller 6<\/em><\/td>\n<td><strong>Mi\u00e9rcoles 6\/5 |<\/strong>\u00a0 Prueba diagn\u00f3stica a ingresantes<\/td>\n<\/tr>\n<tr>\n<td>Semana del Lunes 11\/5 al viernes 15\/5 <br \/><em>9\u00b0 Semana de Taller 6<\/em><\/td>\n<td>\u00a0<\/td>\n<\/tr>\n<tr>\n<td>Semana del Lunes 18\/5 al viernes 22\/5 <br \/><em>10\u00b0 Semana de Taller 6<\/em><\/td>\n<td>\u00a0<\/td>\n<\/tr>\n<tr>\n<td>Semana del Lunes 25\/5 al 29\/5<br \/><em>11\u00b0 Semana de Taller 6<\/em><\/td>\n<td><span style=\"color: #045978;\">Lunes 25\/5 | \u201cD\u00eda de la revoluci\u00f3n de mayo\u201d<\/span><\/td>\n<\/tr>\n<tr>\n<td>Semana del Lunes 01\/6 al viernes 5\/6 <br \/><em>12\u00b0 Semana de Taller 6<\/em><\/td>\n<td>INICIO INSCRIPCI\u00d3N PARA INGRESANTES 2\u00ba C 2026<\/td>\n<\/tr>\n<tr>\n<td>Semana del Lunes 8\/6 al 12\/6<br \/><em>13\u00b0 Semana de Taller 6<\/em><\/td>\n<td>\u00a0<\/td>\n<\/tr>\n<tr>\n<td>Semana del Lunes 15\/6 al 19\/6 <br \/><em>14\u00b0 Semana de Taller 6<\/em><\/td>\n<td><span style=\"color: #045978;\"> Lunes 15\/6 | Feriado: \u201cPaso a la inmortalidad del general Don Mart\u00edn de Guemes\u201d<\/span><\/td>\n<\/tr>\n<tr>\n<td>Semana del Lunes 22\/6 al viernes 26\/6<br \/><em>15\u00b0 Semana de Taller 6<\/em><\/td>\n<td>\u00a0<\/td>\n<\/tr>\n<tr>\n<td>Semana del Lunes 29\/6 al viernes 3\/7<br \/><em>16\u00b0 Semana de Taller 6<\/em><\/td>\n<td>Lunes 29\/6 al Mi\u00e9rcoles 1\/7 | Inscripci\u00f3n a mesas de ex\u00e1menes finales (autogesti\u00f3n SIU) <strong><br \/>Viernes 3\/7\u2013 FINALIZACI\u00d3N PRIMER CUATRIMESTRE<\/strong><\/td>\n<\/tr>\n<tr>\n<td>Semana del Lunes 6\/7 al viernes 10\/7<\/td>\n<td><strong>Mesas de Ex\u00e1menes Finales | PRIMER LLAMADO<\/strong><br \/>Lunes 6\/7, martes 7\/7, mi\u00e9rcoles 8\/7.<\/td>\n<\/tr>\n<tr>\n<td>Semana del Lunes 13\/7 al viernes 17\/7<\/td>\n<td>\n<p><strong>Mesas de Ex\u00e1menes Finales | SEGUNDO LLAMADO<\/strong><br \/>Lunes 13\/7, martes 14\/7 y mi\u00e9rcoles 15\/7<br \/><br \/><strong>Mesas de Ex\u00e1menes Finales | \u00danico llamado:<\/strong> <br \/>Jueves 16\/7 y viernes 17\/7<\/p>\n<\/td>\n<\/tr>\n<tr>\n<td>Semanas del 18\/7 al 2\/8<\/td>\n<td>\n<p><span style=\"color: #045978;\"><strong>RECESO DE INVIERNO<\/strong><\/span><\/p>\n<\/td>\n<\/tr>\n<\/tbody>\n<\/table>\n\n\n\n<hr class=\"wp-block-separator has-alpha-channel-opacity is-style-dots\"\/>\n\n\n\n<h4 class=\"wp-block-heading has-text-align-center\">Segundo Cuatrimestre 2026<br>&#8211; <em>Pr\u00f3ximamente<\/em> &#8211;<\/h4>\n\n\n\n<div hidden> <figure class=\"wp-block-table\"><table><tbody><tr><td>Semana del Lunes10\/02 al Viernes 14\/02<br><\/td><td><strong><strong>10\/02 <\/strong>|<\/strong> Inicio per\u00edodo escolar&nbsp;  <br><strong>EX\u00c1MENES FINALES <\/strong><br>TM: 8:30 horas \/ TT: 13:00 horas&nbsp;<br>Jueves 13\/02 y Viernes 14\/02<\/td><\/tr><tr><td>Semana del Lunes 17\/02 al viernes 21\/02&nbsp;<\/td><td><strong><strong>EX\u00c1MENES FINALES<\/strong><\/strong><br>TM: 8:30 horas \/ TT: 13:00 horas&nbsp;<strong><br><\/strong>Lunes 17\/02, martes 18\/02 y mi\u00e9rcoles 19\/0\/2&nbsp;<br><strong>Martes 18\/02 | <\/strong> Charla EDI del Campo de la Formaci\u00f3n Espec\u00edfica TM 11 hs. TT 14 hs.&nbsp;<br><strong>Jueves 20\/02 | <\/strong> <br>&#8211; Entrevistas de admisi\u00f3n al EDI de Ingl\u00e9s. TM 10 hs. TT 13 hs.&nbsp;<br>&#8211; Ratificaci\u00f3n de preinscripci\u00f3n a talleres 6, 5, 4, 3 (virtual)&nbsp;<br>      Taller 6 (8:00 hs. T.M. y 13:00 hs. T.T.),&nbsp;<br>      Taller 5 (9:00 T.M. y 14 hs. T.T.)&nbsp;<br>      Talleres 3 y 4 (10 hs. T.M. y 14 hs. T.T.)&nbsp;<\/td><\/tr><tr><td>Semana del lunes 24\/02 al viernes 28\/02<\/td><td><strong>24\/02 al 07\/03 | Inicio del Curso Introductorio para ingresantes<\/strong><br><br><strong>Martes 25\/02  | <\/strong>Reuni\u00f3n de personal&nbsp;<br><strong>Mi\u00e9rcoles 26\/02, jueves 27\/02 y viernes 28\/02 |  <\/strong>Reuniones por campos (fechas a convenir)&nbsp;<br><strong>Mi\u00e9rcoles 26\/02 |<\/strong> Inscripci\u00f3n a los talleres del CFPP a cargo de las coordinadoras.&nbsp;<br>&#8211; Taller 6 (8:00 hs. T.M. y 13:00 hs. T.T.),&nbsp;<br>&#8211; Taller 5 (9:00 T.M. y 14 hs. T.T.)&nbsp;<br>&#8211; Talleres 3 y 4 (10 hs. T.M. y 14 hs. T.T.)&nbsp;<br><strong>Jueves 27\/02 |<\/strong> Inscripci\u00f3n de estudiantes regulares a\u00f1os anteriores a 2019, 2019, 2020, 2021 y 2022&nbsp;<br><br><strong>Viernes 28\/02 | Inscripci\u00f3n de estudiantes regulares ingresantes 2023&nbsp;<\/strong><\/td><\/tr><tr><td>Semana del lunes 03\/03 al <br>Viernes 07\/03<br><em>Inicio de taller 6&nbsp;<\/em><\/td><td><mark style=\"background-color:rgba(0, 0, 0, 0)\" class=\"has-inline-color has-accent-color\">Lunes 3 y martes 04\/03 feriados de carnaval&nbsp;<\/mark><br><strong>Mi\u00e9rcoles 05\/03 |  <\/strong><br>&#8211; Inscripci\u00f3n de estudiantes regulares ingresantes 2024<br>&#8211; Inscripci\u00f3n a instancias para ingresantes 2025 (dentro del marco del curso introductorio)&nbsp;<br><strong>Jueves 06\/03 | <\/strong>Inscripci\u00f3n de NO preinscriptos\/as, volantes, pases y otros.&nbsp;<\/td><\/tr><tr><td>Semana de Lunes 10\/03 al&nbsp;<br>Viernes 14\/03&nbsp;<br><em>1\u00b0 Semana de Taller 6<\/em><\/td><td><strong>Lunes 10\/3 | INICIO DE CLASES<\/strong><br>Inscripci\u00f3n a EDI virtual de pr\u00e1cticas (1 y 2)<\/td><\/tr><tr><td>Semana del lunes 17\/03 al viernes 21\/03&nbsp;<br><em>2\u00b0 Semana de Taller 6<\/em><\/td><td><\/td><\/tr><tr><td>Semana del lunes 24\/03 al viernes 28\/03&nbsp;<br><em>3\u00b0 Semana de Taller 6<\/em><\/td><td><mark style=\"background-color:rgba(0, 0, 0, 0)\" class=\"has-inline-color has-accent-color\">Lunes 24\/03 | Feriado \u00abD\u00eda Nacional de la memoria por la verdad y la justicia\u00bb&nbsp;<\/mark><\/td><\/tr><tr><td>Semana del lunes 31\/03 al viernes 04\/04&nbsp;<br><em>4\u00b0 Semana de Taller 6<\/em><\/td><td><mark style=\"background-color:rgba(0, 0, 0, 0)\" class=\"has-inline-color has-accent-color\">Mi\u00e9rcoles 02\/04 | \u00abD\u00eda del&nbsp;veterano y de los ca\u00eddos en la guerra de Malvinas\u00bb<\/mark><\/td><\/tr><tr><td>Semana del lunes 07\/04 al&nbsp;<br>viernes 11\/04&nbsp;<br><em>5\u00b0 Semana de Taller 6<\/em><\/td><td><\/td><\/tr><tr><td>Semana del lunes 14\/04 al&nbsp;<br>viernes 18\/04&nbsp;<br><em>6\u00b0 Semana de Taller 6<\/em><\/td><td><mark style=\"background-color:rgba(0, 0, 0, 0)\" class=\"has-inline-color has-accent-color\">Jueves 17\/4 y viernes 18\/4&nbsp;| Jueves y viernes santo<\/mark><br><\/td><\/tr><tr><td>Semana del lunes 21\/04 al&nbsp;<br>viernes 25\/04&nbsp;<br><em>7\u00b0 Semana de Taller 6<\/em><\/td><td><\/td><\/tr><tr><td>Semana del lunes 28\/04 al&nbsp;<br>viernes 02\/05&nbsp;<br><em>8\u00b0 Semana de Taller 6<\/em><\/td><td><mark style=\"background-color:rgba(0, 0, 0, 0)\" class=\"has-inline-color has-accent-color\">Jueves 01\/05 |  D\u00eda de la\/el&nbsp;trabajador\/a<br>Viernes 02\/05 | D\u00eda no laborable&nbsp;<\/mark><\/td><\/tr><tr><td>Semana del lunes 05\/05 al&nbsp;<br>Viernes 09\/05&nbsp;<br><em>9\u00b0 Semana de Taller 6<\/em><\/td><td><\/td><\/tr><tr><td>Semana del lunes 12\/05 al&nbsp;<br>viernes 16\/05&nbsp;<br><em>10\u00b0 Semana de Taller 6<\/em><\/td><td><\/td><\/tr><tr><td>Semana del lunes 19\/05 al&nbsp;<br>viernes 23\/05&nbsp;<br><em>11\u00b0 Semana de Taller 6<\/em><\/td><td><\/td><\/tr><tr><td>Semana del lunes 26\/05 al 30\/05<br><em>12\u00b0 Semana de Taller 6<\/em><\/td><td><\/td><\/tr><tr><td>Semana del lunes 02\/06 al&nbsp;<br>viernes 06\/06&nbsp;<br><em>13\u00b0 Semana de Taller 6<\/em><\/td><td><\/td><\/tr><tr><td>Semana del lunes 9\/06 al&nbsp;<br>13\/06&nbsp;<br><em>14\u00b0 Semana de Taller 6<\/em><\/td><td><\/td><\/tr><tr><td>Semana del lunes 16\/06 al&nbsp;<br>20\/06&nbsp;<br><em>15\u00b0 Semana de Taller 6<\/em><\/td><td><mark style=\"background-color:rgba(0, 0, 0, 0)\" class=\"has-inline-color has-accent-color\">Lunes 16\/06 | \u00abPaso a la inmortalidad del general Mart\u00edn Miguel de G\u00fcemes\u00bb<br>Viernes 20\/06 | Feriado \u00abPaso a la inmortalidad del general Manuel Belgrano\u00bb<\/mark><\/td><\/tr><tr><td>Semana del lunes 23\/06 al Viernes 27\/06<br><em>16\u00b0 Semana de Taller 6<\/em><\/td><td><strong>Viernes 27\/06 | FINALIZACI\u00d3N DEL PRIMER CUATRIMESTRE<\/strong><\/td><\/tr><tr><td>Semana del lunes 30\/06 al viernes 04\/07&nbsp;<\/td><td><strong>EX\u00c1MENES FINALES | Primer llamado<\/strong><br>Mi\u00e9rcoles 02\/07, jueves 03\/07 y viernes 04\/07 <\/td><\/tr><tr><td>Semana del lunes 07\/07 al viernes 11\/07<\/td><td><strong>EX\u00c1MENES FINALES | Primer llamado<\/strong><br>Lunes 07\/07 y martes 08\/07<br><mark style=\"background-color:rgba(0, 0, 0, 0)\" class=\"has-inline-color has-accent-color\">Mi\u00e9rcoles 09\/07 | D\u00eda de la independencia<\/mark><br><strong>EX\u00c1MENES FINALES | Segundo llamado<\/strong><br>Jueves 10\/07 y viernes 11\/07&nbsp;<\/td><\/tr><tr><td>Semana del lunes 13\/07 al viernes 18\/07&nbsp;<\/td><td><strong>EX\u00c1MENES FINALES | Segundo llamado<\/strong><br>Lunes 14\/07,  martes 15\/07 y mi\u00e9rcoles 16\/07&nbsp;<br><strong>Jueves 17\/07 |<\/strong>  Ratificaci\u00f3n virtual a talleres de pr\u00e1ctica 2\u00b0 cuatrimestre (3, 4, 5 y 6).<\/td><\/tr><tr><td>Del 19\/07 al 03\/08&nbsp;<\/td><td><strong>RECESO ESCOLAR<\/strong><\/td><\/tr><\/tbody><\/table><\/figure> <div hidden> \n<\/div><\/div>\n","protected":false},"excerpt":{"rendered":"<p>Para descargar: Calendario 1C 2026 Primer Cuatrimestre 2026 Este calendario puede sufrir modificaciones Fecha de Inscripci\u00f3n a la carrera &#8211; INGRESANTES: HASTA EL 20\/02\/26 (por SIU Guaran\u00ed) Fecha l\u00edmite de validaci\u00f3n de la inscripci\u00f3n INGRESANTES: HASTA el 27\/2\/26De manera presencial deber\u00e1n acercar la documentaci\u00f3n requerida.\u00a0 Preinscripci\u00f3n Online a Materias para el 1ER. CUATRIMESTRE 2024:\u00a0 20\/12\/23 &#8230; <a title=\"Calendario Acad\u00e9mico Ciclo Lectivo 2026\" class=\"read-more\" href=\"https:\/\/ieseccleston-caba.infd.edu.ar\/sitio\/calendario-academico-1\/\" aria-label=\"More on Calendario Acad\u00e9mico Ciclo Lectivo 2026\">[+]<\/a><\/p>\n","protected":false},"author":3614,"featured_media":0,"parent":0,"menu_order":0,"comment_status":"closed","ping_status":"closed","template":"","meta":[],"acf":[],"_links":{"self":[{"href":"https:\/\/ieseccleston-caba.infd.edu.ar\/sitio\/wp-json\/wp\/v2\/pages\/1099"}],"collection":[{"href":"https:\/\/ieseccleston-caba.infd.edu.ar\/sitio\/wp-json\/wp\/v2\/pages"}],"about":[{"href":"https:\/\/ieseccleston-caba.infd.edu.ar\/sitio\/wp-json\/wp\/v2\/types\/page"}],"author":[{"embeddable":true,"href":"https:\/\/ieseccleston-caba.infd.edu.ar\/sitio\/wp-json\/wp\/v2\/users\/3614"}],"replies":[{"embeddable":true,"href":"https:\/\/ieseccleston-caba.infd.edu.ar\/sitio\/wp-json\/wp\/v2\/comments?post=1099"}],"version-history":[{"count":61,"href":"https:\/\/ieseccleston-caba.infd.edu.ar\/sitio\/wp-json\/wp\/v2\/pages\/1099\/revisions"}],"predecessor-version":[{"id":2856,"href":"https:\/\/ieseccleston-caba.infd.edu.ar\/sitio\/wp-json\/wp\/v2\/pages\/1099\/revisions\/2856"}],"wp:attachment":[{"href":"https:\/\/ieseccleston-caba.infd.edu.ar\/sitio\/wp-json\/wp\/v2\/media?parent=1099"}],"curies":[{"name":"wp","href":"https:\/\/api.w.org\/{rel}","templated":true}]}}