{"id":1014,"date":"2018-08-29T14:32:31","date_gmt":"2018-08-29T17:32:31","guid":{"rendered":"https:\/\/ieseccleston-caba.infd.edu.ar\/sitio\/plan-de-estudios-2009-2014\/"},"modified":"2020-02-21T09:35:11","modified_gmt":"2020-02-21T12:35:11","slug":"plan-de-estudios-2009-2014","status":"publish","type":"page","link":"https:\/\/ieseccleston-caba.infd.edu.ar\/sitio\/plan-de-estudios-2009-2014\/","title":{"rendered":"Plan de Estudios 2009-2014"},"content":{"rendered":"<h2 style=\"text-align: center;\"><img decoding=\"async\" loading=\"lazy\" class=\"aligncenter wp-image-1546 \" src=\"https:\/\/ieseccleston-caba.infd.edu.ar\/sitio\/wp-content\/uploads\/2020\/02\/plan_estudio-1000x931.jpg\" alt=\"\" width=\"154\" height=\"143\" \/>\u00a0Profesorado de Educaci\u00f3n Inicial<\/h2>\n<h4 style=\"text-align: center;\">Horario de Cursada:<\/h4>\n<p style=\"text-align: center;\">Turno Ma\u00f1ana: 7.45 a 12.05 hs<br \/>\nTurno Tarde: 13.00 a 17.20 hs<\/p>\n<p style=\"text-align: center;\"><strong>La Instituci\u00f3n<\/strong><span style=\"color: #800000;\"><strong> NO dicta clases en el turno noche\u00a0<\/strong><\/span><\/p>\n<p style=\"text-align: center;\"><strong><a title=\"Resoluci\u00f3n N\u00b0 6626\/MEGC\/2009\" href=\"upload\/DOCUMENTO_INICIAL_resolucion_6626.pdf\" target=\"_blank\" rel=\"noopener\"><img decoding=\"async\" loading=\"lazy\" class=\"alignnone\" src=\"https:\/\/ieseccleston-caba.infd.edu.ar\/sitio\/wp-content\/uploads\/2018\/08\/logo_pdf.gif\" alt=\"Clic aqu\u00ed para descargar PDF\" width=\"19\" height=\"23\" border=\"0\" \/><\/a>\u00a0<\/strong> <a href=\"https:\/\/ieseccleston-caba.infd.edu.ar\/sitio\/plan-de-estudios-2009-2014\/upload\/DOCUMENTO_INICIAL_resolucion_6626.pdf\">Versi\u00f3n en Pdf del Plan de Estudios<\/a><\/p>\n<p>&nbsp;<\/p>\n<table style=\"border-color: #280eb3; border-width: 1px;\" border=\"1\" cellspacing=\"0\" cellpadding=\"0\">\n<tbody>\n<tr>\n<td colspan=\"3\">\n<h4 style=\"text-align: center;\"><strong>Campo de la Formaci\u00f3n General<\/strong><\/h4>\n<\/td>\n<\/tr>\n<tr>\n<td>\n<p style=\"text-align: center;\"><strong>Unidad Curricular<\/strong><\/p>\n<\/td>\n<td>\n<p style=\"text-align: center;\"><strong>Tipo de Unidad Curricular<\/strong><\/p>\n<\/td>\n<td>\n<p style=\"text-align: center;\"><strong>Hs. c\u00e1tedra semanales<\/strong><\/p>\n<\/td>\n<\/tr>\n<tr>\n<td>\n<p style=\"text-align: center;\">Pedagog\u00eda<\/p>\n<\/td>\n<td>\n<p style=\"text-align: center;\">Asignatura<\/p>\n<\/td>\n<td>\n<p style=\"text-align: center;\">6<\/p>\n<\/td>\n<\/tr>\n<tr>\n<td>\n<p style=\"text-align: center;\">Psicolog\u00eda Educacional<\/p>\n<\/td>\n<td>\n<p style=\"text-align: center;\">Asignatura<\/p>\n<\/td>\n<td>\n<p style=\"text-align: center;\">6<\/p>\n<\/td>\n<\/tr>\n<tr>\n<td>\n<p style=\"text-align: center;\">Historia Social y Pol\u00edtica de la Educaci\u00f3n Argentina<\/p>\n<\/td>\n<td>\n<p style=\"text-align: center;\">Asignatura<\/p>\n<\/td>\n<td>\n<p style=\"text-align: center;\">3<\/p>\n<\/td>\n<\/tr>\n<tr>\n<td>\n<p style=\"text-align: center;\">Instituciones Educativas<\/p>\n<\/td>\n<td>\n<p style=\"text-align: center;\">Asignatura<\/p>\n<\/td>\n<td>\n<p style=\"text-align: center;\">3<\/p>\n<\/td>\n<\/tr>\n<tr>\n<td>\n<p style=\"text-align: center;\">Filosof\u00eda y Educaci\u00f3n<\/p>\n<\/td>\n<td>\n<p style=\"text-align: center;\">Asignatura<\/p>\n<\/td>\n<td>\n<p style=\"text-align: center;\">3<\/p>\n<\/td>\n<\/tr>\n<tr>\n<td>\n<p style=\"text-align: center;\">Did\u00e1ctica I<\/p>\n<\/td>\n<td>\n<p style=\"text-align: center;\">Asignatura<\/p>\n<\/td>\n<td>\n<p style=\"text-align: center;\">3<\/p>\n<\/td>\n<\/tr>\n<tr>\n<td>\n<p style=\"text-align: center;\">Did\u00e1ctica II<\/p>\n<\/td>\n<td>\n<p style=\"text-align: center;\">Asignatura<\/p>\n<\/td>\n<td>\n<p style=\"text-align: center;\">3<\/p>\n<\/td>\n<\/tr>\n<tr>\n<td>\n<p style=\"text-align: center;\">Nuevos Escenarios : Cultura, Subjetividad y Tecnolog\u00eda<\/p>\n<\/td>\n<td>\n<p style=\"text-align: center;\">Asignatura<\/p>\n<\/td>\n<td>\n<p style=\"text-align: center;\">6<\/p>\n<\/td>\n<\/tr>\n<tr>\n<td>\n<p style=\"text-align: center;\">Trabajo Docente<\/p>\n<\/td>\n<td>\n<p style=\"text-align: center;\">Seminario<\/p>\n<\/td>\n<td>\n<p style=\"text-align: center;\">3<\/p>\n<\/td>\n<\/tr>\n<tr>\n<td>\n<p style=\"text-align: center;\">Nuevas Tecnolog\u00edas<\/p>\n<\/td>\n<td>\n<p style=\"text-align: center;\">Taller<\/p>\n<\/td>\n<td>\n<p style=\"text-align: center;\">3<\/p>\n<\/td>\n<\/tr>\n<tr>\n<td>\n<p style=\"text-align: center;\">Educaci\u00f3n Sexual<\/p>\n<\/td>\n<td>\n<p style=\"text-align: center;\">Taller<\/p>\n<\/td>\n<td>\n<p style=\"text-align: center;\">3<\/p>\n<\/td>\n<\/tr>\n<tr>\n<td>\n<p style=\"text-align: center;\">Trabajo de Campo: Experiencias de Investigaci\u00f3n Educativa<\/p>\n<\/td>\n<td>\n<p style=\"text-align: center;\">Trabajo de Campo<\/p>\n<\/td>\n<td>\n<p style=\"text-align: center;\">3<\/p>\n<\/td>\n<\/tr>\n<tr>\n<td>\n<p style=\"text-align: center;\">Lenguaje Art\u00edsticos Expresivos I y II<\/p>\n<\/td>\n<td>\n<p style=\"text-align: center;\">Taller<\/p>\n<\/td>\n<td>\n<p style=\"text-align: center;\">Por 3hs 2 Talleres<\/p>\n<\/td>\n<\/tr>\n<tr>\n<td style=\"text-align: left;\" colspan=\"2\"><strong>Total de horas Estudiante<\/strong><\/td>\n<td>\n<p style=\"text-align: center;\"><strong>912<\/strong><\/p>\n<\/td>\n<\/tr>\n<\/tbody>\n<\/table>\n<p><strong>\u00a0<\/strong><\/p>\n<table style=\"border-color: #0f0cca; border-width: 1px;\" border=\"1\" cellspacing=\"0\" cellpadding=\"0\">\n<tbody>\n<tr>\n<td colspan=\"3\">\n<h4 style=\"text-align: center;\"><strong>Campo de la Formaci\u00f3n Espec\u00edfica<\/strong><\/h4>\n<\/td>\n<\/tr>\n<tr>\n<td>\n<p style=\"text-align: center;\"><strong>Unidad Curricular<\/strong><\/p>\n<\/td>\n<td>\n<p style=\"text-align: center;\"><strong>Tipo de Unidad Curricular<\/strong><\/p>\n<\/td>\n<td>\n<p style=\"text-align: center;\"><strong>Hs. c\u00e1tedra semanales<\/strong><\/p>\n<\/td>\n<\/tr>\n<tr>\n<td>\n<p style=\"text-align: center;\">Problem\u00e1ticas de la Educaci\u00f3n Inicial<\/p>\n<\/td>\n<td>\n<p style=\"text-align: center;\">Asignatura<\/p>\n<\/td>\n<td>\n<p style=\"text-align: center;\">6<\/p>\n<\/td>\n<\/tr>\n<tr>\n<td>\n<p style=\"text-align: center;\">Did\u00e1ctica de la Educ . Inicial I<\/p>\n<\/td>\n<td>\n<p style=\"text-align: center;\">Asignatura<\/p>\n<\/td>\n<td>\n<p style=\"text-align: center;\">6<\/p>\n<\/td>\n<\/tr>\n<tr>\n<td>\n<p style=\"text-align: center;\">Did\u00e1ctica de la Educ . Inicial II<\/p>\n<\/td>\n<td>\n<p style=\"text-align: center;\">Asignatura<\/p>\n<\/td>\n<td>\n<p style=\"text-align: center;\">6<\/p>\n<\/td>\n<\/tr>\n<tr>\n<td>\n<p style=\"text-align: center;\">Did\u00e1ctica de la Educ . Inicial III<\/p>\n<\/td>\n<td>\n<p style=\"text-align: center;\">Taller<\/p>\n<\/td>\n<td>\n<p style=\"text-align: center;\">3<\/p>\n<\/td>\n<\/tr>\n<tr>\n<td>\n<p style=\"text-align: center;\">Sujetos de Educaci\u00f3n Inicial I<\/p>\n<\/td>\n<td>\n<p style=\"text-align: center;\">Asignatura<\/p>\n<\/td>\n<td>\n<p style=\"text-align: center;\">6<\/p>\n<\/td>\n<\/tr>\n<tr>\n<td>\n<p style=\"text-align: center;\">Sujetos de Educaci\u00f3n Inicial II<\/p>\n<\/td>\n<td>\n<p style=\"text-align: center;\">Asignatura<\/p>\n<\/td>\n<td>\n<p style=\"text-align: center;\">6<\/p>\n<\/td>\n<\/tr>\n<tr>\n<td>\n<p style=\"text-align: center;\">Sujetos de Educaci\u00f3n Inicial III<\/p>\n<\/td>\n<td>\n<p style=\"text-align: center;\">Ateneo<\/p>\n<\/td>\n<td>\n<p style=\"text-align: center;\">3<\/p>\n<\/td>\n<\/tr>\n<tr>\n<td>\n<p style=\"text-align: center;\">Pol\u00edticas para las Infancias<\/p>\n<\/td>\n<td>\n<p style=\"text-align: center;\">Seminario<\/p>\n<\/td>\n<td>\n<p style=\"text-align: center;\">3<\/p>\n<\/td>\n<\/tr>\n<tr>\n<td>\n<p style=\"text-align: center;\">Taller de Juego<\/p>\n<\/td>\n<td>\n<p style=\"text-align: center;\">Taller<\/p>\n<\/td>\n<td>\n<p style=\"text-align: center;\">3<\/p>\n<\/td>\n<\/tr>\n<tr>\n<td>\n<p style=\"text-align: center;\">Artes Visuales en la Educaci\u00f3n Inicial I<\/p>\n<\/td>\n<td>\n<p style=\"text-align: center;\">Taller<\/p>\n<\/td>\n<td>\n<p style=\"text-align: center;\">6<\/p>\n<\/td>\n<\/tr>\n<tr>\n<td>\n<p style=\"text-align: center;\">Artes Visuales en la Educaci\u00f3n Inicial II<\/p>\n<\/td>\n<td>\n<p style=\"text-align: center;\">Taller<\/p>\n<\/td>\n<td>\n<p style=\"text-align: center;\">3<\/p>\n<\/td>\n<\/tr>\n<tr>\n<td>\n<p style=\"text-align: center;\">M\u00fasica en la Educaci\u00f3n Inicial<\/p>\n<\/td>\n<td>\n<p style=\"text-align: center;\">Taller<\/p>\n<\/td>\n<td>\n<p style=\"text-align: center;\">6<\/p>\n<\/td>\n<\/tr>\n<tr>\n<td>\n<p style=\"text-align: center;\">Corporal Expresi\u00f3n en la Educaci\u00f3n Inicial<\/p>\n<\/td>\n<td>\n<p style=\"text-align: center;\">Taller<\/p>\n<\/td>\n<td>\n<p style=\"text-align: center;\">6<\/p>\n<\/td>\n<\/tr>\n<tr>\n<td>\n<p style=\"text-align: center;\">Juego en la Educaci\u00f3n Inicial<\/p>\n<\/td>\n<td>\n<p style=\"text-align: center;\">Asignatura<\/p>\n<\/td>\n<td>\n<p style=\"text-align: center;\">3<\/p>\n<\/td>\n<\/tr>\n<tr>\n<td>\n<p style=\"text-align: center;\">Prevenci\u00f3n y Cuidado de la Salud<\/p>\n<\/td>\n<td>\n<p style=\"text-align: center;\">Asignatura<\/p>\n<\/td>\n<td>\n<p style=\"text-align: center;\">3<\/p>\n<\/td>\n<\/tr>\n<tr>\n<td>\n<p style=\"text-align: center;\">Matem\u00e1tica en la Educaci\u00f3n inicial<\/p>\n<\/td>\n<td>\n<p style=\"text-align: center;\">Asignatura<\/p>\n<\/td>\n<td>\n<p style=\"text-align: center;\">6<\/p>\n<\/td>\n<\/tr>\n<tr>\n<td>\n<p style=\"text-align: center;\">Pr\u00e1cticas del Lenguaje I en la Educaci\u00f3n Inicial<\/p>\n<\/td>\n<td>\n<p style=\"text-align: center;\">Asignatura<\/p>\n<\/td>\n<td>\n<p style=\"text-align: center;\">6<\/p>\n<\/td>\n<\/tr>\n<tr>\n<td>\n<p style=\"text-align: center;\">Pr\u00e1cticas del Lenguaje II en la Educaci\u00f3n Inicial<\/p>\n<\/td>\n<td>\n<p style=\"text-align: center;\">Asignatura<\/p>\n<\/td>\n<td>\n<p style=\"text-align: center;\">6<\/p>\n<\/td>\n<\/tr>\n<tr>\n<td>\n<p style=\"text-align: center;\">Literatura en la Educaci\u00f3n Inicial<\/p>\n<\/td>\n<td>\n<p style=\"text-align: center;\">Asignatura<\/p>\n<\/td>\n<td>\n<p style=\"text-align: center;\">6<\/p>\n<\/td>\n<\/tr>\n<tr>\n<td>\n<p style=\"text-align: center;\">Ciencias Naturales : conocimiento del ambiente en la Educaci\u00f3n Inicial<\/p>\n<\/td>\n<td>\n<p style=\"text-align: center;\">Asignatura<\/p>\n<\/td>\n<td>\n<p style=\"text-align: center;\">6<\/p>\n<\/td>\n<\/tr>\n<tr>\n<td>\n<p style=\"text-align: center;\">Ciencias Sociales : conocimiento del ambiente en la Educ . Inicial<\/p>\n<\/td>\n<td>\n<p style=\"text-align: center;\">Asignatura<\/p>\n<\/td>\n<td>\n<p style=\"text-align: center;\">6<\/p>\n<\/td>\n<\/tr>\n<tr>\n<td>\n<p style=\"text-align: center;\">Educaci\u00f3n F\u00edsica en la Educaci\u00f3n Inicial<\/p>\n<\/td>\n<td>\n<p style=\"text-align: center;\">Asignatura<\/p>\n<\/td>\n<td>\n<p style=\"text-align: center;\">3<\/p>\n<\/td>\n<\/tr>\n<tr>\n<td colspan=\"2\">\n<p style=\"text-align: left;\">Definici\u00f3n Institucional<\/p>\n<\/td>\n<td>\n<p style=\"text-align: center;\">237<\/p>\n<\/td>\n<\/tr>\n<tr>\n<td colspan=\"2\">\n<p style=\"text-align: left;\"><strong>Total de horas Estudiante <\/strong><\/p>\n<\/td>\n<td>\n<p style=\"text-align: center;\"><strong>2013<\/strong><\/p>\n<\/td>\n<\/tr>\n<\/tbody>\n<\/table>\n<table style=\"border-color: #3e19a8; border-width: 1px;\" border=\"1\" cellspacing=\"0\" cellpadding=\"0\">\n<tbody>\n<tr>\n<td colspan=\"3\">\n<h4 style=\"text-align: center;\"><strong>Campo de la Formaci\u00f3n en Pr\u00e1cticas Docentes<\/strong><\/h4>\n<\/td>\n<\/tr>\n<tr>\n<td>\n<p style=\"text-align: center;\"><strong>Unidad Curricular<\/strong><\/p>\n<\/td>\n<td>\n<p style=\"text-align: center;\"><strong>Tipo de Unidad Curricular<\/strong><\/p>\n<\/td>\n<td>\n<p style=\"text-align: center;\"><strong>Hs. c\u00e1tedra semanales<\/strong><\/p>\n<\/td>\n<\/tr>\n<tr style=\"text-align: center;\" valign=\"top\">\n<td>\n<p style=\"text-align: center;\">Taller 1: \u00bb Herramientas e Instrumentos para la Recolecci\u00f3n de datos \u00ab<\/p>\n<\/td>\n<td rowspan=\"6\">\n<p style=\"text-align: center;\">Pr\u00e1ctica Docente<\/p>\n<\/td>\n<td>\n<p style=\"text-align: center;\">3<\/p>\n<\/td>\n<\/tr>\n<tr>\n<td>\n<p style=\"text-align: center;\">Taller 2 Pr\u00e1cticas Docentes y: Observaciones y Pedag\u00f3gicas Ayudantias<\/p>\n<\/td>\n<td>\n<p style=\"text-align: center;\">3<\/p>\n<\/td>\n<\/tr>\n<tr>\n<td>\n<p style=\"text-align: center;\">Taller 3 y Pr\u00e1cticas de la Ense\u00f1anza en El Jard\u00edn maternal<\/p>\n<\/td>\n<td>\n<p style=\"text-align: center;\">3 8<\/p>\n<\/td>\n<\/tr>\n<tr>\n<td>\n<p style=\"text-align: center;\">Taller 4 y Pr\u00e1cticas de la Ense\u00f1anza en el Jard\u00edn de Infantes<\/p>\n<\/td>\n<td>\n<p style=\"text-align: center;\">3 8<\/p>\n<\/td>\n<\/tr>\n<tr>\n<td>\n<p style=\"text-align: center;\">Taller 5 y Pr\u00e1cticas de la Ense\u00f1anza : Dise\u00f1o , Puesta en Marcha de Proyectos y Evaluaci\u00f3n<\/p>\n<\/td>\n<td>\n<p style=\"text-align: center;\">11<\/p>\n<\/td>\n<\/tr>\n<tr>\n<td>\n<p style=\"text-align: center;\">Taller 6 y Residencia en El Jard\u00edn maternal y en el Jard\u00edn de Infantes<\/p>\n<\/td>\n<td>\n<p style=\"text-align: center;\">3 8<\/p>\n<\/td>\n<\/tr>\n<tr>\n<td colspan=\"2\">Definici\u00f3n Institucional<\/td>\n<td>\n<p style=\"text-align: center;\">99<\/p>\n<\/td>\n<\/tr>\n<tr>\n<td colspan=\"2\"><strong>Total de horas Estudiante<\/strong><\/td>\n<td>\n<p style=\"text-align: center;\"><strong>975<\/strong><\/p>\n<\/td>\n<\/tr>\n<\/tbody>\n<\/table>\n<table style=\"border-color: #470ba1; border-width: 1px;\" border=\"1\" cellspacing=\"0\" cellpadding=\"0\">\n<tbody>\n<tr>\n<td>\n<p style=\"text-align: center;\"><strong>Campo<\/strong><\/p>\n<\/td>\n<td>\n<p style=\"text-align: center;\"><strong>Total de horas<\/strong><\/p>\n<\/td>\n<td>\n<p style=\"text-align: center;\"><strong>Porcentaje<\/strong><\/p>\n<\/td>\n<\/tr>\n<tr>\n<td>\n<p style=\"text-align: center;\">Campo de la Formaci\u00f3n General<\/p>\n<\/td>\n<td>\n<p style=\"text-align: center;\">912<\/p>\n<\/td>\n<td>\n<p style=\"text-align: center;\">23%<\/p>\n<\/td>\n<\/tr>\n<tr>\n<td>\n<p style=\"text-align: center;\">Campo de la Formaci\u00f3n Espec\u00edfica<\/p>\n<\/td>\n<td>\n<p style=\"text-align: center;\">2013<\/p>\n<\/td>\n<td>\n<p style=\"text-align: center;\">52%<\/p>\n<\/td>\n<\/tr>\n<tr>\n<td>\n<p style=\"text-align: center;\">Campo de la Formaci\u00f3n de la Pr\u00e1ctica<\/p>\n<\/td>\n<td>\n<p style=\"text-align: center;\">975<\/p>\n<\/td>\n<td>\n<p style=\"text-align: center;\">25 %<\/p>\n<\/td>\n<\/tr>\n<tr>\n<td>\n<p style=\"text-align: center;\"><strong>Total<\/strong><\/p>\n<\/td>\n<td>\n<p style=\"text-align: center;\"><strong>3900<\/strong><\/p>\n<\/td>\n<td>\n<p style=\"text-align: center;\"><strong>100%<\/strong><\/p>\n<\/td>\n<\/tr>\n<\/tbody>\n<\/table>\n","protected":false},"excerpt":{"rendered":"<p>\u00a0Profesorado de Educaci\u00f3n Inicial Horario de Cursada: Turno Ma\u00f1ana: 7.45 a 12.05 hs Turno Tarde: 13.00 a 17.20 hs La Instituci\u00f3n NO dicta clases en el turno noche\u00a0 \u00a0 Versi\u00f3n en Pdf del Plan de Estudios &nbsp; Campo de la Formaci\u00f3n General Unidad Curricular Tipo de Unidad Curricular Hs. c\u00e1tedra semanales Pedagog\u00eda Asignatura 6 Psicolog\u00eda &#8230; <a title=\"Plan de Estudios 2009-2014\" class=\"read-more\" href=\"https:\/\/ieseccleston-caba.infd.edu.ar\/sitio\/plan-de-estudios-2009-2014\/\" aria-label=\"More on Plan de Estudios 2009-2014\">[+]<\/a><\/p>\n","protected":false},"author":7,"featured_media":0,"parent":0,"menu_order":0,"comment_status":"closed","ping_status":"closed","template":"","meta":[],"acf":[],"_links":{"self":[{"href":"https:\/\/ieseccleston-caba.infd.edu.ar\/sitio\/wp-json\/wp\/v2\/pages\/1014"}],"collection":[{"href":"https:\/\/ieseccleston-caba.infd.edu.ar\/sitio\/wp-json\/wp\/v2\/pages"}],"about":[{"href":"https:\/\/ieseccleston-caba.infd.edu.ar\/sitio\/wp-json\/wp\/v2\/types\/page"}],"author":[{"embeddable":true,"href":"https:\/\/ieseccleston-caba.infd.edu.ar\/sitio\/wp-json\/wp\/v2\/users\/7"}],"replies":[{"embeddable":true,"href":"https:\/\/ieseccleston-caba.infd.edu.ar\/sitio\/wp-json\/wp\/v2\/comments?post=1014"}],"version-history":[{"count":6,"href":"https:\/\/ieseccleston-caba.infd.edu.ar\/sitio\/wp-json\/wp\/v2\/pages\/1014\/revisions"}],"predecessor-version":[{"id":2887,"href":"https:\/\/ieseccleston-caba.infd.edu.ar\/sitio\/wp-json\/wp\/v2\/pages\/1014\/revisions\/2887"}],"wp:attachment":[{"href":"https:\/\/ieseccleston-caba.infd.edu.ar\/sitio\/wp-json\/wp\/v2\/media?parent=1014"}],"curies":[{"name":"wp","href":"https:\/\/api.w.org\/{rel}","templated":true}]}}