{"id":1006,"date":"2018-08-29T14:32:28","date_gmt":"2018-08-29T17:32:28","guid":{"rendered":"https:\/\/ieseccleston-caba.infd.edu.ar\/sitio\/ravioli\/"},"modified":"2020-02-21T14:48:51","modified_gmt":"2020-02-21T17:48:51","slug":"ravioli","status":"publish","type":"page","link":"https:\/\/ieseccleston-caba.infd.edu.ar\/sitio\/ravioli\/","title":{"rendered":"Ravioli"},"content":{"rendered":"<h4 style=\"text-align: center;\"><strong>Rectora Fundadora<br \/>\nMarina Margarita Ravioli (1901 -1977)<\/strong><\/h4>\n<p style=\"text-align: justify;\"><strong>Nace en Buenos Aires el 16 de junio de 1901<\/strong>. Egresada de la Escuela Normal N\u00ba 1 con el t\u00edtulo de Profesora en Letras, sigui\u00f3 estudios sobre Historia de la Educaci\u00f3n con Mar\u00eda de Maeztu y fue alumna de la Doctora Mar\u00eda Montessori, en el curso que sobre el Jard\u00edn de Infantes \u00e9sta dictara en su visita a Buenos Aires en 1929.<\/p>\n<p><strong>En 1930<\/strong> se inicia en la docencia preescolar en la Escuela Normal N\u00ba 1, donde organiza y dirige un ensayo de \u00absecci\u00f3n montessoriana\u00bb en 1932.<\/p>\n<p><strong>En 1937,<\/strong> al crearse la Escuela de Profesores de Jard\u00edn de Infantes en la Escuela Normal N\u00ba 9 se la nombra directora del jard\u00edn de Infantes anexo.<\/p>\n<p>El Ministro de Justicia y Educaci\u00f3n Jorge E. Coll la designa <strong>en 1939<\/strong> directora de la Escuela de Profesorado de Jard\u00edn de Infantes \u00abSara C. de Eccleston y Jard\u00edn de Infancia Mitre anexo\u00bb. Esta instituci\u00f3n, a cuyo acto inaugural asisti\u00f3 el presidente Doctor Roberto M. Ort\u00edz, tuvo su sede en la hasta entonces residencia presidencial (quinta Unzu\u00e9), sita en Av. Alvear entre Ag\u00fcero y Austria.<\/p>\n<p><strong>En octubre de 1942<\/strong> y debido a un cambio de gobierno, el Profesorado y \u00abJard\u00edn de Infantes Mitre\u00bb son trasladados al edificio actual de Avenidas Alcorta y Dorrego, donde se desempe\u00f1\u00f3 como rectora hasta la fecha de su desaparici\u00f3n.<br \/>\nSus tareas directivas no le impiden desarrollar una intensa campa\u00f1a de cursos y conferencias por ciudades del interior.<\/p>\n<p><strong>En 1947<\/strong> participa, con la Direcci\u00f3n de Escuelas de la Provincia de Buenos Aires, en la redacci\u00f3n del anteproyecto que se convierte en la ley 5096 por la que se establece obligatoria y gratuita la educaci\u00f3n preescolar, difundi\u00e9ndose los jardines de infantes en el \u00e1mbito de la provincia.Ese mismo a\u00f1o preside la comisi\u00f3n designada por la Inspecci\u00f3n General de Ense\u00f1anza Secundaria para coordinar planes y programas para los jardines de infantes de su dependencia en capital y provincias.<\/p>\n<p><strong>En 1953<\/strong> integra la primera comisi\u00f3n que estudia el anteproyecto del Estatuto del Docente de la Naci\u00f3n.<\/p>\n<p><strong>En 1954<\/strong> y por disposici\u00f3n del Se\u00f1or Ministro de Educaci\u00f3n, pasa en comisi\u00f3n de servicios a la ciudad infantil de la capital con car\u00e1cter de Interventora, para organizar el jard\u00edn de infantes.<\/p>\n<p><strong>En 1956<\/strong> viaja a Chile, en representaci\u00f3n oficial, e interviene en el Congreso Chileno de la Organizaci\u00f3n Mundial para la Educaci\u00f3n Preescolar, presentando el tema: \u00abLa transici\u00f3n del ciclo preescolar al primario\u00bb.<\/p>\n<blockquote><p><strong>En 1962<\/strong> inicia, en el Instituto del Profesorado y su anexo, el \u00abJard\u00edn de Infantes Mitre\u00bb, una experiencia de pedagog\u00eda renovada de acuerdo a los fines y objetivos de la moderna educaci\u00f3n preescolar.<\/p><\/blockquote>\n<p><strong>En 1964<\/strong> se la designa Presidenta del Comit\u00e9 Argentino de la Organizaci\u00f3n Mundial para la Educaci\u00f3n Preescolar (O.M.E.P.), comit\u00e9 al que representa en delegaci\u00f3n oficial en Par\u00eds, en 1966, con motivo de la Asamblea Mundial. Se desempe\u00f1a como asesora de la c\u00e1tedra de Pediatr\u00eda del Hospital de Cl\u00ednicas y en la organizaci\u00f3n de jardines de infancia en las parroquias de San Alfonso, Mar\u00eda Reina y en la Villa de Dorrego.<\/p>\n<p><strong>En 1967<\/strong> preside las Primeras Jornadas de Educaci\u00f3n Preescolar que tienen lugar en el Sal\u00f3n Dorado de la Municipalidad de la Ciudad de Buenos Aires. En 1968, en delegaci\u00f3n oficial, representa al Ministerio de cultura y Educaci\u00f3n de la Naci\u00f3n en la Asamblea Mundial de la O.M.E.P. realizada en Washington.<\/p>\n<p><strong>En 1968,<\/strong> en Buenos Aires, preside el Primer Congreso Argentino de Educaci\u00f3n Preescolar y en 1970 el Segundo Congreso Argentino de Educaci\u00f3n Preescolar, organizados por O.M.E.P. en la Facultad de Derecho y Ciencias Sociales, con asistencia de delegados del pa\u00eds y de Latinoam\u00e9rica.<\/p>\n<p><strong>En 1971<\/strong> representa oficialmente al Ministerio de Cultura y Educaci\u00f3n de la Naci\u00f3n ante la Asamblea Mundial de la O.M.E.P., que se realiza en Bonn, donde informa sobre el nuevo curr\u00edculum preescolar.<\/p>\n<p><strong>En 1973<\/strong> preside el Tercer Congreso Argentino de Educaci\u00f3n Preescolar de la O.M.E.P. al que asiste, especialmente invitado, el presidente mundial de la organizaci\u00f3n, Profesor Gast\u00f3n Mialaret.<\/p>\n<p><strong>En 1974-75<\/strong> integra la comisi\u00f3n que proyecta el Reglamento org\u00e1nico para los Profesorados de Educaci\u00f3n Preescolar. Fallece en Buenos Aires <strong>el 1\u00ba de marzo de 1977<\/strong>, tras medio siglo dedicado a la docencia.<\/p>\n","protected":false},"excerpt":{"rendered":"<p>Rectora Fundadora Marina Margarita Ravioli (1901 -1977) Nace en Buenos Aires el 16 de junio de 1901. Egresada de la Escuela Normal N\u00ba 1 con el t\u00edtulo de Profesora en Letras, sigui\u00f3 estudios sobre Historia de la Educaci\u00f3n con Mar\u00eda de Maeztu y fue alumna de la Doctora Mar\u00eda Montessori, en el curso que sobre &#8230; <a title=\"Ravioli\" class=\"read-more\" href=\"https:\/\/ieseccleston-caba.infd.edu.ar\/sitio\/ravioli\/\" aria-label=\"More on Ravioli\">[+]<\/a><\/p>\n","protected":false},"author":7,"featured_media":0,"parent":0,"menu_order":0,"comment_status":"closed","ping_status":"closed","template":"","meta":[],"acf":[],"_links":{"self":[{"href":"https:\/\/ieseccleston-caba.infd.edu.ar\/sitio\/wp-json\/wp\/v2\/pages\/1006"}],"collection":[{"href":"https:\/\/ieseccleston-caba.infd.edu.ar\/sitio\/wp-json\/wp\/v2\/pages"}],"about":[{"href":"https:\/\/ieseccleston-caba.infd.edu.ar\/sitio\/wp-json\/wp\/v2\/types\/page"}],"author":[{"embeddable":true,"href":"https:\/\/ieseccleston-caba.infd.edu.ar\/sitio\/wp-json\/wp\/v2\/users\/7"}],"replies":[{"embeddable":true,"href":"https:\/\/ieseccleston-caba.infd.edu.ar\/sitio\/wp-json\/wp\/v2\/comments?post=1006"}],"version-history":[{"count":4,"href":"https:\/\/ieseccleston-caba.infd.edu.ar\/sitio\/wp-json\/wp\/v2\/pages\/1006\/revisions"}],"predecessor-version":[{"id":1557,"href":"https:\/\/ieseccleston-caba.infd.edu.ar\/sitio\/wp-json\/wp\/v2\/pages\/1006\/revisions\/1557"}],"wp:attachment":[{"href":"https:\/\/ieseccleston-caba.infd.edu.ar\/sitio\/wp-json\/wp\/v2\/media?parent=1006"}],"curies":[{"name":"wp","href":"https:\/\/api.w.org\/{rel}","templated":true}]}}